{"id":25,"date":"2020-06-10T13:06:47","date_gmt":"2020-06-10T13:06:47","guid":{"rendered":"https:\/\/alejandrodemena.es\/?page_id=25"},"modified":"2025-12-08T11:07:40","modified_gmt":"2025-12-08T09:07:40","slug":"sobre-mi","status":"publish","type":"page","link":"https:\/\/alejandrodemena.es\/en\/sobre-mi\/","title":{"rendered":"About me"},"content":{"rendered":"<div data-elementor-type=\"wp-page\" data-elementor-id=\"25\" class=\"elementor elementor-25\">\n\t\t\t\t\t\t<section class=\"elementor-section elementor-top-section elementor-element elementor-element-88efb68 elementor-section-boxed elementor-section-height-default elementor-section-height-default\" data-id=\"88efb68\" data-element_type=\"section\" data-e-type=\"section\">\n\t\t\t\t\t\t<div class=\"elementor-container elementor-column-gap-default\">\n\t\t\t\t\t<div class=\"elementor-column elementor-col-100 elementor-top-column elementor-element elementor-element-36d0fc2\" data-id=\"36d0fc2\" data-element_type=\"column\" data-e-type=\"column\">\n\t\t\t<div class=\"elementor-widget-wrap elementor-element-populated\">\n\t\t\t\t\t\t<div class=\"elementor-element elementor-element-653bd70 elementor-widget elementor-widget-text-editor\" data-id=\"653bd70\" data-element_type=\"widget\" data-e-type=\"widget\" data-widget_type=\"text-editor.default\">\n\t\t\t\t<div class=\"elementor-widget-container\">\n\t\t\t\t\t\t\t\t\t<p style=\"text-align: left;\">Degree in Audiovisual Communication at the University of Extremadura (2011-2015) and Master in Public Service Audiovisual Communication at the UNED (2016-2018).<\/p><p style=\"text-align: left;\">I have worked in different positions in the field of audiovisual production (TV director, assistant TV director, video editor, playout operator).<\/p>\t\t\t\t\t\t\t\t<\/div>\n\t\t\t\t<\/div>\n\t\t\t\t\t<\/div>\n\t\t<\/div>\n\t\t\t\t\t<\/div>\n\t\t<\/section>\n\t\t\t\t<section class=\"elementor-section elementor-top-section elementor-element elementor-element-6353276 elementor-section-boxed elementor-section-height-default elementor-section-height-default\" data-id=\"6353276\" data-element_type=\"section\" data-e-type=\"section\">\n\t\t\t\t\t\t<div class=\"elementor-container elementor-column-gap-default\">\n\t\t\t\t\t<div class=\"elementor-column elementor-col-100 elementor-top-column elementor-element elementor-element-4f5cebd\" data-id=\"4f5cebd\" data-element_type=\"column\" data-e-type=\"column\">\n\t\t\t<div class=\"elementor-widget-wrap elementor-element-populated\">\n\t\t\t\t\t\t<div class=\"elementor-element elementor-element-dfaa64a elementor-widget elementor-widget-spacer\" data-id=\"dfaa64a\" data-element_type=\"widget\" data-e-type=\"widget\" data-widget_type=\"spacer.default\">\n\t\t\t\t<div class=\"elementor-widget-container\">\n\t\t\t\t\t\t\t<div class=\"elementor-spacer\">\n\t\t\t<div class=\"elementor-spacer-inner\"><\/div>\n\t\t<\/div>\n\t\t\t\t\t\t<\/div>\n\t\t\t\t<\/div>\n\t\t\t\t<div class=\"elementor-element elementor-element-925db9c elementor-widget elementor-widget-breezycv-block-title\" data-id=\"925db9c\" data-element_type=\"widget\" data-e-type=\"widget\" data-widget_type=\"breezycv-block-title.default\">\n\t\t\t\t<div class=\"elementor-widget-container\">\n\t\t\t\t\t<div class=\"block-title\"><h2>What can I do<\/h2><\/div>\t\t\t\t<\/div>\n\t\t\t\t<\/div>\n\t\t\t\t\t<\/div>\n\t\t<\/div>\n\t\t\t\t\t<\/div>\n\t\t<\/section>\n\t\t\t\t<section class=\"elementor-section elementor-top-section elementor-element elementor-element-2810c44 elementor-section-boxed elementor-section-height-default elementor-section-height-default\" data-id=\"2810c44\" data-element_type=\"section\" data-e-type=\"section\">\n\t\t\t\t\t\t<div class=\"elementor-container elementor-column-gap-default\">\n\t\t\t\t\t<div class=\"elementor-column elementor-col-50 elementor-top-column elementor-element elementor-element-742ee06\" data-id=\"742ee06\" data-element_type=\"column\" data-e-type=\"column\">\n\t\t\t<div class=\"elementor-widget-wrap elementor-element-populated\">\n\t\t\t\t\t\t<div class=\"elementor-element elementor-element-31d9f34 elementor-widget elementor-widget-breezycv-service\" data-id=\"31d9f34\" data-element_type=\"widget\" data-e-type=\"widget\" data-widget_type=\"breezycv-service.default\">\n\t\t\t\t<div class=\"elementor-widget-container\">\n\t\t\t\t\t\t\t<div class=\"info-list-w-icon\">\r\n\t\t\t<div class=\"info-block-w-icon\">\r\n\t\t\t\t<div class=\"ci-icon\">\r\n\t\t\t\t\t<i aria-hidden=\"true\" class=\"lnr lnr-camera-video\"><\/i>\t\t\t\t<\/div>\r\n\t\t\t\t<div class=\"ci-text\">\r\n\t\t\t\t\t<h4>Video Edition<\/h4>\r\n\t\t\t\t\t<p>If you need to edit or postproduce a video I can help you.<\/p>\r\n\t\t\t\t<\/div>\r\n\t\t\t<\/div>\r\n\t\t<\/div>\r\n\t\t\t\t\t\t<\/div>\n\t\t\t\t<\/div>\n\t\t\t\t<div class=\"elementor-element elementor-element-5fb44c4 elementor-widget elementor-widget-breezycv-service\" data-id=\"5fb44c4\" data-element_type=\"widget\" data-e-type=\"widget\" data-widget_type=\"breezycv-service.default\">\n\t\t\t\t<div class=\"elementor-widget-container\">\n\t\t\t\t\t\t\t<div class=\"info-list-w-icon\">\r\n\t\t\t<div class=\"info-block-w-icon\">\r\n\t\t\t\t<div class=\"ci-icon\">\r\n\t\t\t\t\t<i aria-hidden=\"true\" class=\"lnr lnr-laptop-phone\"><\/i>\t\t\t\t<\/div>\r\n\t\t\t\t<div class=\"ci-text\">\r\n\t\t\t\t\t<h4>Web Design<\/h4>\r\n\t\t\t\t\t<p>I use WordPress to create professionally designed websites.<\/p>\r\n\t\t\t\t<\/div>\r\n\t\t\t<\/div>\r\n\t\t<\/div>\r\n\t\t\t\t\t\t<\/div>\n\t\t\t\t<\/div>\n\t\t\t\t\t<\/div>\n\t\t<\/div>\n\t\t\t\t<div class=\"elementor-column elementor-col-50 elementor-top-column elementor-element elementor-element-09a986a\" data-id=\"09a986a\" data-element_type=\"column\" data-e-type=\"column\">\n\t\t\t<div class=\"elementor-widget-wrap elementor-element-populated\">\n\t\t\t\t\t\t<div class=\"elementor-element elementor-element-aadc7bf elementor-widget elementor-widget-breezycv-service\" data-id=\"aadc7bf\" data-element_type=\"widget\" data-e-type=\"widget\" data-widget_type=\"breezycv-service.default\">\n\t\t\t\t<div class=\"elementor-widget-container\">\n\t\t\t\t\t\t\t<div class=\"info-list-w-icon\">\r\n\t\t\t<div class=\"info-block-w-icon\">\r\n\t\t\t\t<div class=\"ci-icon\">\r\n\t\t\t\t\t<i aria-hidden=\"true\" class=\"lnr lnr-camera\"><\/i>\t\t\t\t<\/div>\r\n\t\t\t\t<div class=\"ci-text\">\r\n\t\t\t\t\t<h4>Photography<\/h4>\r\n\t\t\t\t\t<p>Taking photographs and their subsequent editing and digital development.<\/p>\r\n\t\t\t\t<\/div>\r\n\t\t\t<\/div>\r\n\t\t<\/div>\r\n\t\t\t\t\t\t<\/div>\n\t\t\t\t<\/div>\n\t\t\t\t<div class=\"elementor-element elementor-element-3c86a6e elementor-widget elementor-widget-breezycv-service\" data-id=\"3c86a6e\" data-element_type=\"widget\" data-e-type=\"widget\" data-widget_type=\"breezycv-service.default\">\n\t\t\t\t<div class=\"elementor-widget-container\">\n\t\t\t\t\t\t\t<div class=\"info-list-w-icon\">\r\n\t\t\t<div class=\"info-block-w-icon\">\r\n\t\t\t\t<div class=\"ci-icon\">\r\n\t\t\t\t\t<i aria-hidden=\"true\" class=\"fab fa-searchengin\"><\/i>\t\t\t\t<\/div>\r\n\t\t\t\t<div class=\"ci-text\">\r\n\t\t\t\t\t<h4>SEO Positioning<\/h4>\r\n\t\t\t\t\t<p>I help you to position it in the first results of the search engine.<\/p>\r\n\t\t\t\t<\/div>\r\n\t\t\t<\/div>\r\n\t\t<\/div>\r\n\t\t\t\t\t\t<\/div>\n\t\t\t\t<\/div>\n\t\t\t\t\t<\/div>\n\t\t<\/div>\n\t\t\t\t\t<\/div>\n\t\t<\/section>\n\t\t\t\t<section class=\"elementor-section elementor-top-section elementor-element elementor-element-5673654 elementor-section-boxed elementor-section-height-default elementor-section-height-default\" data-id=\"5673654\" data-element_type=\"section\" data-e-type=\"section\">\n\t\t\t\t\t\t<div class=\"elementor-container elementor-column-gap-default\">\n\t\t\t\t\t<div class=\"elementor-column elementor-col-100 elementor-top-column elementor-element elementor-element-c310cfa\" data-id=\"c310cfa\" data-element_type=\"column\" data-e-type=\"column\">\n\t\t\t<div class=\"elementor-widget-wrap elementor-element-populated\">\n\t\t\t\t\t\t<div class=\"elementor-element elementor-element-4687c3c elementor-widget elementor-widget-spacer\" data-id=\"4687c3c\" data-element_type=\"widget\" data-e-type=\"widget\" data-widget_type=\"spacer.default\">\n\t\t\t\t<div class=\"elementor-widget-container\">\n\t\t\t\t\t\t\t<div class=\"elementor-spacer\">\n\t\t\t<div class=\"elementor-spacer-inner\"><\/div>\n\t\t<\/div>\n\t\t\t\t\t\t<\/div>\n\t\t\t\t<\/div>\n\t\t\t\t<div class=\"elementor-element elementor-element-a1adde6 elementor-widget elementor-widget-breezycv-clients\" data-id=\"a1adde6\" data-element_type=\"widget\" data-e-type=\"widget\" data-widget_type=\"breezycv-clients.default\">\n\t\t\t\t<div class=\"elementor-widget-container\">\n\t\t\t\t\t<div class=\"block-title element-title\"><h2>Where I have worked<\/h2><\/div>\r\n\t\t<div id=\"clients_a1adde6\" class=\"clients owl-carousel loop-off autoplay-off\" data-mobile-items=\"2\" data-tablet-items=\"4\" data-items=\"4\"><div class=\"client-block\"><a href=\"https:\/\/gruposecuoya.es\/es\/cbm\/\" target=\"_blank\" title=\"CBM\"><img decoding=\"async\" src=\"http:\/\/alejandrodemena.es\/wp-content\/uploads\/2022\/01\/Grupo-Secuoya.png\" alt=\"CBM\"><\/a><\/div><div class=\"client-block\"><a href=\"https:\/\/www.mediapro.tv\/es\/\" target=\"_blank\" title=\"Mediapro\"><img decoding=\"async\" src=\"http:\/\/alejandrodemena.es\/wp-content\/uploads\/2021\/10\/mediapro.png\" alt=\"Mediapro\"><\/a><\/div><div class=\"client-block\"><a href=\"http:\/\/www.canalextremadura.es\/\" target=\"_blank\" title=\"Canal Extremadura\"><img decoding=\"async\" src=\"http:\/\/alejandrodemena.es\/wp-content\/uploads\/2021\/10\/canal-extremadura-e1634673346633.png\" alt=\"Canal Extremadura\"><\/a><\/div><div class=\"client-block\"><a href=\"https:\/\/www.rtve.es\/\" target=\"_blank\" title=\"RTVE\"><img decoding=\"async\" src=\"http:\/\/alejandrodemena.es\/wp-content\/uploads\/2021\/10\/rtve.png\" alt=\"RTVE\"><\/a><\/div><\/div>\t\t\t\t<\/div>\n\t\t\t\t<\/div>\n\t\t\t\t<div class=\"elementor-element elementor-element-be6bf74 elementor-widget elementor-widget-breezycv-testimonials\" data-id=\"be6bf74\" data-element_type=\"widget\" data-e-type=\"widget\" data-widget_type=\"breezycv-testimonials.default\">\n\t\t\t\t<div class=\"elementor-widget-container\">\n\t\t\t\t\t<div class=\"block-title element-title\"><h2>What people say about me<\/h2><\/div>\r\n\t\t<div id=\"testimonials_be6bf74\" class=\"testimonials owl-carousel loop-off autoplay-off\" data-mobile-items=\"1\" data-tablet-items=\"2\" data-items=\"2\"><div class=\"testimonial\">\r\n                  <div class=\"img\"><img decoding=\"async\" src=\"http:\/\/alejandrodemena.es\/wp-content\/uploads\/2021\/11\/Sergio-Armenteros.jpg\" alt=\"Operador de Continuidad en Mediapro\"><\/div>\r\n                  <div class=\"text\">\r\n                    <p>Alejandro is a resolute, proactive person with a constant desire to improve in every field he works in. In addition, thanks to his social skills, he joined the team perfectly and made everything run much more efficiently. <\/p>\r\n                  <\/div>\r\n\r\n                  <div class=\"author-info\">\r\n                    <h4 class=\"author\">Sergio Armenteros<\/h4>\r\n                    <h5 class=\"company\"><a href=\"https:\/\/www.linkedin.com\/in\/sergioarmenteros\/\" target=\"_blank\">Playout Operator at Mediapro<\/a><\/h5>\r\n                    <div class=\"icon\">\r\n                      <i class=\"fa fa-quote-right\"><\/i>\r\n                    <\/div>\r\n                  <\/div>\r\n                <\/div><div class=\"testimonial\">\r\n                  <div class=\"img\"><img decoding=\"async\" src=\"http:\/\/alejandrodemena.es\/wp-content\/uploads\/2021\/10\/miguel-alvarez.jpg\" alt=\"Subdirector de Campa\u00f1as y Autopromociones en RTVE\"><\/div>\r\n                  <div class=\"text\">\r\n                    <p>I can say that he is a person who is committed to his work, prepared, creative, collaborative, responsible, efficient and pleasant to deal with.<\/p>\r\n                  <\/div>\r\n\r\n                  <div class=\"author-info\">\r\n                    <h4 class=\"author\">Miguel \u00c1lvarez Ferreiro<\/h4>\r\n                    <h5 class=\"company\"><a href=\"https:\/\/es.linkedin.com\/in\/miguel-alvarez-ferreiro-12a76b14\" target=\"_blank\">Deputy Director of Campaigns and Self-Promotions at RTVE<\/a><\/h5>\r\n                    <div class=\"icon\">\r\n                      <i class=\"fa fa-quote-right\"><\/i>\r\n                    <\/div>\r\n                  <\/div>\r\n                <\/div><div class=\"testimonial\">\r\n                  <div class=\"img\"><img decoding=\"async\" src=\"http:\/\/alejandrodemena.es\/wp-content\/uploads\/2021\/10\/Jonattan-Diaz.jpg\" alt=\"Realizador en Canal Extremadura\"><\/div>\r\n                  <div class=\"text\">\r\n                    <p>A very good professional, colleague and above all a good person, which is what is lacking in the media nowadays.<\/p>\r\n                  <\/div>\r\n\r\n                  <div class=\"author-info\">\r\n                    <h4 class=\"author\">Jonattan D\u00edaz Chamizo<\/h4>\r\n                    <h5 class=\"company\"><a href=\"https:\/\/es.linkedin.com\/in\/jonattan-d%C3%ADaz-chamizo-655b1a81\" target=\"_blank\">TV Director at Canal Extremadura<\/a><\/h5>\r\n                    <div class=\"icon\">\r\n                      <i class=\"fa fa-quote-right\"><\/i>\r\n                    <\/div>\r\n                  <\/div>\r\n                <\/div><div class=\"testimonial\">\r\n                  <div class=\"img\"><img decoding=\"async\" src=\"http:\/\/alejandrodemena.es\/wp-content\/uploads\/2021\/10\/Pablo-Gonzalez-Villegas.jpg\" alt=\"Realizador en Canal Extremadura\"><\/div>\r\n                  <div class=\"text\">\r\n                    <p>What stands out in him is his willingness to do anything, in my daily work he helped me in an incredible way. In addition, as an excellent person, he makes the work very pleasant.<\/p>\r\n                  <\/div>\r\n\r\n                  <div class=\"author-info\">\r\n                    <h4 class=\"author\">Pablo Gonz\u00e1lez Villegas<\/h4>\r\n                    <h5 class=\"company\"><a href=\"https:\/\/es.linkedin.com\/in\/pablogvillegas\" target=\"_blank\">TV Director at Canal Extremadura<\/a><\/h5>\r\n                    <div class=\"icon\">\r\n                      <i class=\"fa fa-quote-right\"><\/i>\r\n                    <\/div>\r\n                  <\/div>\r\n                <\/div><div class=\"testimonial\">\r\n                  <div class=\"img\"><img decoding=\"async\" src=\"http:\/\/alejandrodemena.es\/wp-content\/uploads\/2021\/10\/Miguel-Verssimo.jpg\" alt=\"Director de Informativos en Canal Extremadura\"><\/div>\r\n                  <div class=\"text\">\r\n                    <p>His work as Assistant TV Director at Canal Extremadura was outstanding. Any company that counts on him will gain not only a great worker, but also a great person.<\/p>\r\n                  <\/div>\r\n\r\n                  <div class=\"author-info\">\r\n                    <h4 class=\"author\">Miguel Ver\u00edssimo<\/h4>\r\n                    <h5 class=\"company\"><a href=\"https:\/\/es.linkedin.com\/in\/miguel-ver%C3%ADssimo-de-mira-soto-a23b4581\" target=\"_blank\">News Director at Canal Extremadura<\/a><\/h5>\r\n                    <div class=\"icon\">\r\n                      <i class=\"fa fa-quote-right\"><\/i>\r\n                    <\/div>\r\n                  <\/div>\r\n                <\/div><div class=\"testimonial\">\r\n                  <div class=\"img\"><img decoding=\"async\" src=\"http:\/\/alejandrodemena.es\/wp-content\/uploads\/2021\/10\/Angela-Lopez.jpg\" alt=\"Coordinadora de Producci\u00f3n en Atresmedia\"><\/div>\r\n                  <div class=\"text\">\r\n                    <p>Alejandro has covered the Coca-Cola Cup in Extremadura on several occasions, proving to be a decisive person with initiative.<\/p>\r\n                  <\/div>\r\n\r\n                  <div class=\"author-info\">\r\n                    <h4 class=\"author\">\u00c1ngela L\u00f3pez Mora<\/h4>\r\n                    <h5 class=\"company\"><a href=\"https:\/\/es.linkedin.com\/in\/angelalopezmora\" target=\"_blank\">Production Coordinator at Atresmedia<\/a><\/h5>\r\n                    <div class=\"icon\">\r\n                      <i class=\"fa fa-quote-right\"><\/i>\r\n                    <\/div>\r\n                  <\/div>\r\n                <\/div><div class=\"testimonial\">\r\n                  <div class=\"img\"><img decoding=\"async\" src=\"http:\/\/alejandrodemena.es\/wp-content\/uploads\/2021\/11\/Victoria-Caperote.jpg\" alt=\"Consultora de Marketing Digital\"><\/div>\r\n                  <div class=\"text\">\r\n                    <p>Clearly I am always looking forward to taking on a project, because of how easy and valuable it is to work in a team with Alejandro.<\/p>\r\n                  <\/div>\r\n\r\n                  <div class=\"author-info\">\r\n                    <h4 class=\"author\">Victoria Caperote<\/h4>\r\n                    <h5 class=\"company\"><a href=\"https:\/\/es.linkedin.com\/in\/victoriacaperote\" target=\"_blank\">Digital Marketing Consultant<\/a><\/h5>\r\n                    <div class=\"icon\">\r\n                      <i class=\"fa fa-quote-right\"><\/i>\r\n                    <\/div>\r\n                  <\/div>\r\n                <\/div><div class=\"testimonial\">\r\n                  <div class=\"img\"><img decoding=\"async\" src=\"http:\/\/alejandrodemena.es\/wp-content\/uploads\/2021\/10\/Jose-Luis-Garralon.jpg\" alt=\"Profesor de Comunicaci\u00f3n Audiovisual en la UEx\"><\/div>\r\n                  <div class=\"text\">\r\n                    <p>In all my years of teaching and professional practice, I have seen few people with the training, seriousness, responsibility and dedication as Alejandro. <\/p>\r\n                  <\/div>\r\n\r\n                  <div class=\"author-info\">\r\n                    <h4 class=\"author\">Jos\u00e9 Luis Garral\u00f3n<\/h4>\r\n                    <h5 class=\"company\"><a href=\"https:\/\/es.linkedin.com\/in\/jos\u00e9-luis-garral\u00f3n-velasco-17b61820\" target=\"_blank\">Professor of Audiovisual Communication<\/a><\/h5>\r\n                    <div class=\"icon\">\r\n                      <i class=\"fa fa-quote-right\"><\/i>\r\n                    <\/div>\r\n                  <\/div>\r\n                <\/div><div class=\"testimonial\">\r\n                  <div class=\"img\"><img decoding=\"async\" src=\"http:\/\/alejandrodemena.es\/wp-content\/uploads\/2021\/10\/Fernando-Medina.jpg\" alt=\"Director Creativo en RC&Media Comunicaci\u00f3n\"><\/div>\r\n                  <div class=\"text\">\r\n                    <p>The most important thing about Alejandro is his attitude, his vocation to learn and to continue learning. He is a young and dynamic person who, in addition to his training knowledge, has a global vision of what a company is.<\/p>\r\n                  <\/div>\r\n\r\n                  <div class=\"author-info\">\r\n                    <h4 class=\"author\">Fernando Medina Cebri\u00e1n<\/h4>\r\n                    <h5 class=\"company\"><a href=\"https:\/\/es.linkedin.com\/in\/fernando-medina-cebri\u00e1n-b7206b29\" target=\"_blank\">Creative Director at RC &amp; Media Comunicaci\u00f3n<\/a><\/h5>\r\n                    <div class=\"icon\">\r\n                      <i class=\"fa fa-quote-right\"><\/i>\r\n                    <\/div>\r\n                  <\/div>\r\n                <\/div><div class=\"testimonial\">\r\n                  <div class=\"img\"><img decoding=\"async\" src=\"http:\/\/alejandrodemena.es\/wp-content\/uploads\/2021\/10\/Luis-Revuelto.jpg\" alt=\"Consultor SEO\"><\/div>\r\n                  <div class=\"text\">\r\n                    <p>Alejandro is a very efficient person in his work. He has a very complete profile and is a versatile person who adapts perfectly to new challenges. A sure value for any company.<\/p>\r\n                  <\/div>\r\n\r\n                  <div class=\"author-info\">\r\n                    <h4 class=\"author\">Luis Revuelto<\/h4>\r\n                    <h5 class=\"company\"><a href=\"https:\/\/es.linkedin.com\/in\/luisrevueltosevillano\" target=\"_blank\">SEO Consultant<\/a><\/h5>\r\n                    <div class=\"icon\">\r\n                      <i class=\"fa fa-quote-right\"><\/i>\r\n                    <\/div>\r\n                  <\/div>\r\n                <\/div><\/div>\t\t\t\t<\/div>\n\t\t\t\t<\/div>\n\t\t\t\t\t<\/div>\n\t\t<\/div>\n\t\t\t\t\t<\/div>\n\t\t<\/section>\n\t\t\t\t<\/div>","protected":false},"excerpt":{"rendered":"<p>Graduado en Comunicaci\u00f3n Audiovisual por la Universidad de Extremadura (2011-2015) y M\u00e1ster en Comunicaci\u00f3n Audiovisual de Servicio P\u00fablico en la UNED (2016-2018). He trabajado en diferentes puestos dentro del \u00e1mbito de la realizaci\u00f3n audiovisual (realizador, ayudante de realizaci\u00f3n, editor de v\u00eddeo, operador de continuidad). Que puedo hacer por ti Edici\u00f3n de v\u00eddeo Si necesitas editar&#8230;<\/p>\n<p><a class=\"read-more\" href=\"https:\/\/alejandrodemena.es\/en\/sobre-mi\/\">Read More<\/a><\/p>","protected":false},"author":1,"featured_media":0,"parent":0,"menu_order":0,"comment_status":"closed","ping_status":"closed","template":"","meta":{"_monsterinsights_skip_tracking":false,"_monsterinsights_sitenote_active":false,"_monsterinsights_sitenote_note":"","_monsterinsights_sitenote_category":0,"footnotes":""},"class_list":["post-25","page","type-page","status-publish","hentry"],"_links":{"self":[{"href":"https:\/\/alejandrodemena.es\/en\/wp-json\/wp\/v2\/pages\/25","targetHints":{"allow":["GET"]}}],"collection":[{"href":"https:\/\/alejandrodemena.es\/en\/wp-json\/wp\/v2\/pages"}],"about":[{"href":"https:\/\/alejandrodemena.es\/en\/wp-json\/wp\/v2\/types\/page"}],"author":[{"embeddable":true,"href":"https:\/\/alejandrodemena.es\/en\/wp-json\/wp\/v2\/users\/1"}],"replies":[{"embeddable":true,"href":"https:\/\/alejandrodemena.es\/en\/wp-json\/wp\/v2\/comments?post=25"}],"version-history":[{"count":3,"href":"https:\/\/alejandrodemena.es\/en\/wp-json\/wp\/v2\/pages\/25\/revisions"}],"predecessor-version":[{"id":1086,"href":"https:\/\/alejandrodemena.es\/en\/wp-json\/wp\/v2\/pages\/25\/revisions\/1086"}],"wp:attachment":[{"href":"https:\/\/alejandrodemena.es\/en\/wp-json\/wp\/v2\/media?parent=25"}],"curies":[{"name":"wp","href":"https:\/\/api.w.org\/{rel}","templated":true}]}}